{"id":64,"date":"2023-09-23T10:20:49","date_gmt":"2023-09-23T09:20:49","guid":{"rendered":"https:\/\/neu.sv-personaltraining.ch\/?page_id=64"},"modified":"2023-09-30T18:45:46","modified_gmt":"2023-09-30T17:45:46","slug":"personaltraining","status":"publish","type":"page","link":"https:\/\/sv-personaltraining.ch\/?page_id=64","title":{"rendered":"Personaltraining"},"content":{"rendered":"\n<div class=\"wp-block-columns alignwide is-layout-flex wp-container-core-columns-is-layout-829b1d53 wp-block-columns-is-layout-flex\" style=\"margin-bottom:0\">\n<div class=\"wp-block-column has-very-light-gray-to-cyan-bluish-gray-gradient-background has-text-color has-background has-link-color wp-elements-327214aa0b70a0b2d884b7f1bab45cfe is-layout-flow wp-block-column-is-layout-flow\" style=\"color:#000000;padding-top:2em;padding-right:2em;padding-bottom:2em;padding-left:2em;font-style:normal;font-weight:200\">\n<h2 class=\"wp-block-heading\" id=\"single\" style=\"font-size:25px;font-style:normal;font-weight:500;text-decoration:none\">Personaltraining f\u00fcr Hobby und Profisportler <\/h2>\n\n\n\n<hr class=\"wp-block-separator has-text-color has-css-opacity has-background is-style-wide\" style=\"background-color:#000000;color:#000000\"\/>\n\n\n\n<p>Personal Training ist ein individuell auf deine Bed\u00fcrfnisse, W\u00fcnsche und Zielsetzungen abgestimmtes 1:1 Training. <\/p>\n\n\n\n<figure class=\"wp-block-image size-large\"><img loading=\"lazy\" decoding=\"async\" width=\"744\" height=\"1024\" src=\"https:\/\/sv-personaltraining.ch\/wp-content\/uploads\/2023\/09\/20190504_195212-1-744x1024.jpg\" alt=\"\" class=\"wp-image-433\" srcset=\"https:\/\/sv-personaltraining.ch\/wp-content\/uploads\/2023\/09\/20190504_195212-1-744x1024.jpg 744w, https:\/\/sv-personaltraining.ch\/wp-content\/uploads\/2023\/09\/20190504_195212-1-218x300.jpg 218w, https:\/\/sv-personaltraining.ch\/wp-content\/uploads\/2023\/09\/20190504_195212-1-768x1058.jpg 768w, https:\/\/sv-personaltraining.ch\/wp-content\/uploads\/2023\/09\/20190504_195212-1-1115x1536.jpg 1115w, https:\/\/sv-personaltraining.ch\/wp-content\/uploads\/2023\/09\/20190504_195212-1-1487x2048.jpg 1487w, https:\/\/sv-personaltraining.ch\/wp-content\/uploads\/2023\/09\/20190504_195212-1-1024x1410.jpg 1024w, https:\/\/sv-personaltraining.ch\/wp-content\/uploads\/2023\/09\/20190504_195212-1-784x1080.jpg 784w, https:\/\/sv-personaltraining.ch\/wp-content\/uploads\/2023\/09\/20190504_195212-1-scaled.jpg 1859w\" sizes=\"auto, (max-width: 744px) 100vw, 744px\" \/><\/figure>\n\n\n\n<p style=\"font-style:normal;font-weight:200\">Dein Leistungspotential wird erh\u00f6ht, du erzielst sp\u00fcr- und sichtbare Erfolge im Bereich deiner Figur und nicht zuletzt wird dein Wohlbefinden nachhaltig gesteigert.<\/p>\n\n\n\n<p><\/p>\n\n\n\n<div class=\"wp-block-buttons alignfull is-horizontal is-content-justification-center is-layout-flex wp-container-core-buttons-is-layout-499968f5 wp-block-buttons-is-layout-flex\">\n<div class=\"wp-block-button has-custom-width wp-block-button__width-100 is-style-outline is-style-outline--1\"><a class=\"wp-block-button__link has-white-color has-text-color has-background wp-element-button\" style=\"border-radius:70px;background-color:#000000\">Einzelstunde 120.- Fr<\/a><\/div>\n\n\n\n<div class=\"wp-block-button has-custom-width wp-block-button__width-100 has-custom-font-size is-style-outline has-small-font-size is-style-outline--2\"><a class=\"wp-block-button__link has-white-color has-text-color has-background wp-element-button\" style=\"border-radius:58px;background-color:#000000\">Im Abo 100.- pro Stunde (auch 30min oder 45min m\u00f6glich)<\/a><\/div>\n<\/div>\n<\/div>\n\n\n\n<div class=\"wp-block-column has-very-light-gray-to-cyan-bluish-gray-gradient-background has-text-color has-background has-link-color wp-elements-3444ff712de7641c6d5a7ed86d13ab50 is-layout-flow wp-block-column-is-layout-flow\" style=\"color:#000000;padding-top:2em;padding-right:2em;padding-bottom:2em;padding-left:2em\">\n<h2 class=\"wp-block-heading\" id=\"family\" style=\"font-size:25px;font-style:normal;font-weight:500\">Reha- und Aufbau Training nach Verletzungen<\/h2>\n\n\n\n<hr class=\"wp-block-separator has-css-opacity is-style-wide\"\/>\n\n\n\n<p style=\"font-style:normal;font-weight:200\">M\u00f6chtest du nach einer Verletzung gerne wieder zur\u00fcck in den Sport finden? Brauchst du nach der Physio weiter Begleitung im Training. Gerne bin ich f\u00fcr dich da.<\/p>\n\n\n\n<p><\/p>\n\n\n\n<figure class=\"wp-block-image size-large\"><img loading=\"lazy\" decoding=\"async\" width=\"1024\" height=\"768\" src=\"https:\/\/sv-personaltraining.ch\/wp-content\/uploads\/2023\/09\/IMG_0973-1-1024x768.jpg\" alt=\"\" class=\"wp-image-432\" srcset=\"https:\/\/sv-personaltraining.ch\/wp-content\/uploads\/2023\/09\/IMG_0973-1-1024x768.jpg 1024w, https:\/\/sv-personaltraining.ch\/wp-content\/uploads\/2023\/09\/IMG_0973-1-300x225.jpg 300w, https:\/\/sv-personaltraining.ch\/wp-content\/uploads\/2023\/09\/IMG_0973-1-768x576.jpg 768w, https:\/\/sv-personaltraining.ch\/wp-content\/uploads\/2023\/09\/IMG_0973-1-1536x1152.jpg 1536w, https:\/\/sv-personaltraining.ch\/wp-content\/uploads\/2023\/09\/IMG_0973-1-2048x1536.jpg 2048w, https:\/\/sv-personaltraining.ch\/wp-content\/uploads\/2023\/09\/IMG_0973-1-1440x1080.jpg 1440w\" sizes=\"auto, (max-width: 1024px) 100vw, 1024px\" \/><\/figure>\n\n\n\n<p><\/p>\n\n\n\n<figure class=\"wp-block-image size-large\"><img loading=\"lazy\" decoding=\"async\" width=\"1024\" height=\"683\" src=\"https:\/\/sv-personaltraining.ch\/wp-content\/uploads\/2023\/09\/jogging-2343558_1280-2-1024x683.png\" alt=\"\" class=\"wp-image-435\" srcset=\"https:\/\/sv-personaltraining.ch\/wp-content\/uploads\/2023\/09\/jogging-2343558_1280-2-1024x683.png 1024w, https:\/\/sv-personaltraining.ch\/wp-content\/uploads\/2023\/09\/jogging-2343558_1280-2-300x200.png 300w, https:\/\/sv-personaltraining.ch\/wp-content\/uploads\/2023\/09\/jogging-2343558_1280-2-768x512.png 768w, https:\/\/sv-personaltraining.ch\/wp-content\/uploads\/2023\/09\/jogging-2343558_1280-2.png 1280w\" sizes=\"auto, (max-width: 1024px) 100vw, 1024px\" \/><\/figure>\n\n\n\n<div class=\"wp-block-buttons alignfull is-horizontal is-content-justification-center is-layout-flex wp-container-core-buttons-is-layout-499968f5 wp-block-buttons-is-layout-flex\">\n<div class=\"wp-block-button has-custom-width wp-block-button__width-100 is-style-outline is-style-outline--3\"><a class=\"wp-block-button__link has-white-color has-text-color has-background wp-element-button\" style=\"border-radius:100px;background-color:#000000\">Einzelstunde 120.-Fr<\/a><\/div>\n\n\n\n<div class=\"wp-block-button has-custom-width wp-block-button__width-100 has-custom-font-size is-style-outline has-small-font-size is-style-outline--4\"><a class=\"wp-block-button__link has-white-color has-text-color has-background wp-element-button\" style=\"border-radius:100px;background-color:#000000\">Im Abo 100.- pro Stunde <em>(auch 30min oder 45min m\u00f6glich)<\/em><\/a><\/div>\n<\/div>\n<\/div>\n\n\n\n<div class=\"wp-block-column is-vertically-aligned-top has-very-light-gray-to-cyan-bluish-gray-gradient-background has-text-color has-background has-link-color wp-elements-c8ca0b4a64e47028590ee9d2b1b80abc is-layout-flow wp-block-column-is-layout-flow\" style=\"color:#000000;padding-top:2em;padding-right:2em;padding-bottom:2em;padding-left:2em\">\n<h2 class=\"wp-block-heading\" id=\"patron\" style=\"font-size:25px;font-style:normal;font-weight:500\">Begleitung in der Schwangerschaft<\/h2>\n\n\n\n<hr class=\"wp-block-separator has-css-opacity is-style-wide\"\/>\n\n\n\n<figure class=\"wp-block-image size-large\"><img loading=\"lazy\" decoding=\"async\" width=\"1024\" height=\"576\" src=\"https:\/\/sv-personaltraining.ch\/wp-content\/uploads\/2023\/09\/bird-3058712_1280-1024x576.png\" alt=\"\" class=\"wp-image-434\" srcset=\"https:\/\/sv-personaltraining.ch\/wp-content\/uploads\/2023\/09\/bird-3058712_1280-1024x576.png 1024w, https:\/\/sv-personaltraining.ch\/wp-content\/uploads\/2023\/09\/bird-3058712_1280-300x169.png 300w, https:\/\/sv-personaltraining.ch\/wp-content\/uploads\/2023\/09\/bird-3058712_1280-768x432.png 768w, https:\/\/sv-personaltraining.ch\/wp-content\/uploads\/2023\/09\/bird-3058712_1280.png 1280w\" sizes=\"auto, (max-width: 1024px) 100vw, 1024px\" \/><\/figure>\n\n\n\n<p style=\"font-style:normal;font-weight:200\">Als Sportlerin und Mutter von 4 Kindern weiss ich genau, was dich fit h\u00e4lt und wie du dich optimal auf die Geburt vorbereiten kannst.<\/p>\n\n\n\n<p><\/p>\n\n\n\n<p><\/p>\n\n\n\n<p>Aufbau Fitness nach der Geburt<\/p>\n\n\n\n<p style=\"font-style:normal;font-weight:200\">Gerne helfe ich dir nach der Geburt zur\u00fcck zu deiner Fitness und einem guten K\u00f6rpergef\u00fchl und einer starken Mitte.<\/p>\n\n\n\n<p><\/p>\n\n\n\n<div class=\"wp-block-buttons alignfull is-horizontal is-content-justification-center is-layout-flex wp-container-core-buttons-is-layout-499968f5 wp-block-buttons-is-layout-flex\">\n<div class=\"wp-block-button has-custom-width wp-block-button__width-100 is-style-outline is-style-outline--5\"><a class=\"wp-block-button__link has-white-color has-text-color has-background wp-element-button\" style=\"border-radius:100px;background-color:#000000\">Einzelstunde 120.-Fr<\/a><\/div>\n\n\n\n<div class=\"wp-block-button has-custom-width wp-block-button__width-100 has-custom-font-size is-style-outline has-small-font-size is-style-outline--6\"><a class=\"wp-block-button__link has-white-color has-text-color has-background wp-element-button\" style=\"border-radius:100px;background-color:#000000\">Im Abo 100.- pro Stunde <em>(auch 30min oder 45min m\u00f6glich)<\/em><\/a><\/div>\n<\/div>\n<\/div>\n<\/div>\n\n\n\n<p><\/p>\n\n\n\n<div class=\"wp-block-columns alignwide is-layout-flex wp-container-core-columns-is-layout-829b1d53 wp-block-columns-is-layout-flex\" style=\"margin-bottom:0\">\n<div class=\"wp-block-column has-very-light-gray-to-cyan-bluish-gray-gradient-background has-text-color has-background has-link-color wp-elements-24d05a9e6316729d4471254c28356f25 is-layout-flow wp-block-column-is-layout-flow\" style=\"color:#000000;padding-top:2em;padding-right:2em;padding-bottom:2em;padding-left:2em\">\n<h2 class=\"wp-block-heading\" id=\"single\" style=\"font-size:25px;font-style:normal;font-weight:500\"><strong>Training bei R\u00fcckenproblemen<\/strong><\/h2>\n\n\n\n<hr class=\"wp-block-separator has-alpha-channel-opacity\"\/>\n\n\n\n<figure class=\"wp-block-image size-large\"><img loading=\"lazy\" decoding=\"async\" width=\"768\" height=\"1024\" src=\"https:\/\/sv-personaltraining.ch\/wp-content\/uploads\/2023\/09\/20190514_163242-1-768x1024.jpg\" alt=\"\" class=\"wp-image-428\" srcset=\"https:\/\/sv-personaltraining.ch\/wp-content\/uploads\/2023\/09\/20190514_163242-1-768x1024.jpg 768w, https:\/\/sv-personaltraining.ch\/wp-content\/uploads\/2023\/09\/20190514_163242-1-225x300.jpg 225w, https:\/\/sv-personaltraining.ch\/wp-content\/uploads\/2023\/09\/20190514_163242-1-1152x1536.jpg 1152w, https:\/\/sv-personaltraining.ch\/wp-content\/uploads\/2023\/09\/20190514_163242-1-1536x2048.jpg 1536w, https:\/\/sv-personaltraining.ch\/wp-content\/uploads\/2023\/09\/20190514_163242-1-1024x1365.jpg 1024w, https:\/\/sv-personaltraining.ch\/wp-content\/uploads\/2023\/09\/20190514_163242-1-810x1080.jpg 810w, https:\/\/sv-personaltraining.ch\/wp-content\/uploads\/2023\/09\/20190514_163242-1-scaled.jpg 1920w\" sizes=\"auto, (max-width: 768px) 100vw, 768px\" \/><\/figure>\n\n\n\n<p style=\"font-style:normal;font-weight:200\">Mit einem Screen und langer Erfahrung schauen wir, wo der Ursprung deiner R\u00fcckenprobleme liegt und trainieren mit gezielten \u00dcbungen im Training und f\u00fcr deinen Alltag.<\/p>\n\n\n\n<div class=\"wp-block-buttons alignfull is-horizontal is-content-justification-center is-layout-flex wp-container-core-buttons-is-layout-499968f5 wp-block-buttons-is-layout-flex\">\n<div class=\"wp-block-button has-custom-width wp-block-button__width-100\"><a class=\"wp-block-button__link has-white-color has-text-color has-background wp-element-button\" style=\"border-radius:100px;background-color:#000000\">Einzelstunde 120.- Fr<\/a><\/div>\n<\/div>\n<\/div>\n\n\n\n<div class=\"wp-block-column has-very-light-gray-to-cyan-bluish-gray-gradient-background has-text-color has-background has-link-color wp-elements-ac270e2f61dd8e2af2c5de7f961d6ced is-layout-flow wp-block-column-is-layout-flow\" style=\"color:#000000;padding-top:2em;padding-right:2em;padding-bottom:2em;padding-left:2em\">\n<h2 class=\"wp-block-heading\" id=\"family\" style=\"font-size:26px;font-style:normal;font-weight:500\">Kleingruppen<\/h2>\n\n\n\n<h2 class=\"wp-block-heading\" id=\"family\" style=\"font-size:25px;font-style:normal;font-weight:500\">Training<\/h2>\n\n\n\n<hr class=\"wp-block-separator has-alpha-channel-opacity\"\/>\n\n\n\n<p style=\"font-style:normal;font-weight:200\">Du m\u00f6chtest mit deiner Familie, deiner besten Freundin oder deinem Partner zusammen trainieren? Dann freue ich mich auf ein effizientes Training in einer kleinen Gruppe, wo doch noch auf jede einzelne Person eingegangen werden kann.<\/p>\n\n\n\n<figure class=\"wp-block-image size-large\"><img loading=\"lazy\" decoding=\"async\" width=\"1024\" height=\"769\" src=\"https:\/\/sv-personaltraining.ch\/wp-content\/uploads\/2023\/09\/IMG_3327-1-1024x769.jpg\" alt=\"\" class=\"wp-image-430\" srcset=\"https:\/\/sv-personaltraining.ch\/wp-content\/uploads\/2023\/09\/IMG_3327-1-1024x769.jpg 1024w, https:\/\/sv-personaltraining.ch\/wp-content\/uploads\/2023\/09\/IMG_3327-1-300x225.jpg 300w, https:\/\/sv-personaltraining.ch\/wp-content\/uploads\/2023\/09\/IMG_3327-1-768x577.jpg 768w, https:\/\/sv-personaltraining.ch\/wp-content\/uploads\/2023\/09\/IMG_3327-1-1536x1154.jpg 1536w, https:\/\/sv-personaltraining.ch\/wp-content\/uploads\/2023\/09\/IMG_3327-1-2048x1539.jpg 2048w, https:\/\/sv-personaltraining.ch\/wp-content\/uploads\/2023\/09\/IMG_3327-1-1438x1080.jpg 1438w\" sizes=\"auto, (max-width: 1024px) 100vw, 1024px\" \/><\/figure>\n\n\n\n<div class=\"wp-block-buttons alignfull is-horizontal is-content-justification-center is-layout-flex wp-container-core-buttons-is-layout-499968f5 wp-block-buttons-is-layout-flex\">\n<div class=\"wp-block-button has-custom-width wp-block-button__width-100 is-style-fill\"><a class=\"wp-block-button__link has-white-color has-text-color has-background wp-element-button\" style=\"border-radius:100px;background-color:#000000\">Auf Anfrage<\/a><\/div>\n<\/div>\n<\/div>\n\n\n\n<div class=\"wp-block-column has-very-light-gray-to-cyan-bluish-gray-gradient-background has-text-color has-background has-link-color wp-elements-82841c3ced041a7b3befed9f52a6bfbc is-layout-flow wp-block-column-is-layout-flow\" style=\"color:#000000;padding-top:2em;padding-right:2em;padding-bottom:2em;padding-left:2em\">\n<h2 class=\"wp-block-heading alignwide\" id=\"we-re-a-studio-in-berlin-with-an-international-practice-in-architecture-urban-planning-and-interior-design-we-believe-in-sharing-knowledge-and-promoting-dialogue-to-increase-the-creative-potential-of-collaboration\" style=\"font-size:25px;font-style:normal;font-weight:500;line-height:1.1\">FMS Screen und Training f\u00fcr Sportler mit Schwachstellen\/ Schmerzen<\/h2>\n\n\n\n<hr class=\"wp-block-separator has-css-opacity is-style-wide\"\/>\n\n\n\n<figure class=\"wp-block-image size-full\"><img loading=\"lazy\" decoding=\"async\" width=\"895\" height=\"615\" src=\"https:\/\/sv-personaltraining.ch\/wp-content\/uploads\/2023\/09\/Screenshot_20230927-0949282.png\" alt=\"\" class=\"wp-image-541\" srcset=\"https:\/\/sv-personaltraining.ch\/wp-content\/uploads\/2023\/09\/Screenshot_20230927-0949282.png 895w, https:\/\/sv-personaltraining.ch\/wp-content\/uploads\/2023\/09\/Screenshot_20230927-0949282-300x206.png 300w, https:\/\/sv-personaltraining.ch\/wp-content\/uploads\/2023\/09\/Screenshot_20230927-0949282-768x528.png 768w\" sizes=\"auto, (max-width: 895px) 100vw, 895px\" \/><\/figure>\n\n\n\n<p style=\"font-style:normal;font-weight:200\">In einem einfachen Screen schauen wir deinen K\u00f6rper genauer an, decken Schwachstellen und Bewegungsfehler auf und suchen die passenden \u00dcbungen f\u00fcr dich. Wir schauen speziell auf deine Mobilit\u00e4t und Stabilit\u00e4t in den einzelnen Gelenken. So wirst du sehr ganzheitlich betrachtet und wir k\u00f6nnen dir helfen, im Alltag und Sport schmerzfrei zu sein.<\/p>\n\n\n\n<div class=\"wp-block-buttons alignfull is-horizontal is-content-justification-center is-layout-flex wp-container-core-buttons-is-layout-499968f5 wp-block-buttons-is-layout-flex\">\n<div class=\"wp-block-button has-custom-width wp-block-button__width-100 is-style-outline is-style-outline--7\"><a class=\"wp-block-button__link has-white-color has-text-color has-background wp-element-button\" style=\"border-radius:100px;background-color:#000000\">Einzelstunde 120.- Fr<\/a><\/div>\n<\/div>\n<\/div>\n<\/div>\n\n\n\n<p><\/p>\n\n\n\n<div class=\"wp-block-columns alignwide is-layout-flex wp-container-core-columns-is-layout-829b1d53 wp-block-columns-is-layout-flex\" style=\"margin-bottom:0\">\n<div class=\"wp-block-column has-very-light-gray-to-cyan-bluish-gray-gradient-background has-text-color has-background has-link-color wp-elements-95a1bff435071de06298e58b82879a03 is-layout-flow wp-block-column-is-layout-flow\" style=\"color:#000000;padding-top:2em;padding-right:2em;padding-bottom:2em;padding-left:2em\">\n<h2 class=\"wp-block-heading\" id=\"single\" style=\"font-size:25px;font-style:normal;font-weight:500\">Sensopro Training<\/h2>\n\n\n\n<hr class=\"wp-block-separator has-alpha-channel-opacity\"\/>\n\n\n\n<p style=\"font-style:normal;font-weight:200\">Auf dem Sensopro trainierst du deine Fitness, deine Koordination und Balance und kannst auch gezielt an deinen Schwachstellen arbeiten.<\/p>\n\n\n\n<figure class=\"wp-block-image size-large\"><img loading=\"lazy\" decoding=\"async\" width=\"893\" height=\"1024\" src=\"https:\/\/sv-personaltraining.ch\/wp-content\/uploads\/2023\/09\/PXL_20230927_072734384.MP_-893x1024.jpg\" alt=\"\" class=\"wp-image-533\" srcset=\"https:\/\/sv-personaltraining.ch\/wp-content\/uploads\/2023\/09\/PXL_20230927_072734384.MP_-893x1024.jpg 893w, https:\/\/sv-personaltraining.ch\/wp-content\/uploads\/2023\/09\/PXL_20230927_072734384.MP_-262x300.jpg 262w, https:\/\/sv-personaltraining.ch\/wp-content\/uploads\/2023\/09\/PXL_20230927_072734384.MP_-768x881.jpg 768w, https:\/\/sv-personaltraining.ch\/wp-content\/uploads\/2023\/09\/PXL_20230927_072734384.MP_-1339x1536.jpg 1339w, https:\/\/sv-personaltraining.ch\/wp-content\/uploads\/2023\/09\/PXL_20230927_072734384.MP_-1785x2048.jpg 1785w, https:\/\/sv-personaltraining.ch\/wp-content\/uploads\/2023\/09\/PXL_20230927_072734384.MP_-1024x1175.jpg 1024w, https:\/\/sv-personaltraining.ch\/wp-content\/uploads\/2023\/09\/PXL_20230927_072734384.MP_-941x1080.jpg 941w\" sizes=\"auto, (max-width: 893px) 100vw, 893px\" \/><\/figure>\n\n\n\n<p style=\"font-style:normal;font-weight:200\">Nach Verletzungen kannst du gezielt und mit Struktur am Aufbau arbeiten, oder du kannst sportartspezifisch deinen K\u00f6rper st\u00e4rken. Das Training auf dem Sensopro ist auch alleine (mit Abo) m\u00f6glich.<\/p>\n\n\n\n<div class=\"wp-block-buttons alignfull is-horizontal is-content-justification-center is-layout-flex wp-container-core-buttons-is-layout-499968f5 wp-block-buttons-is-layout-flex\">\n<div class=\"wp-block-button has-custom-width wp-block-button__width-100 has-custom-font-size has-small-font-size\"><a class=\"wp-block-button__link has-white-color has-text-color has-background wp-element-button\" style=\"border-radius:100px;background-color:#000000\">Gerne mache ich dir eine Offerte<\/a><\/div>\n<\/div>\n<\/div>\n\n\n\n<div class=\"wp-block-column has-very-light-gray-to-cyan-bluish-gray-gradient-background has-text-color has-background has-link-color wp-elements-5a75cf3d479b13cb0f5aab3112f17064 is-layout-flow wp-block-column-is-layout-flow\" style=\"color:#000000;padding-top:2em;padding-right:2em;padding-bottom:2em;padding-left:2em\">\n<h2 class=\"wp-block-heading\" id=\"family\" style=\"font-size:25px;font-style:normal;font-weight:500\">Begleitung\/Aufbau bei div. Sportarten<\/h2>\n\n\n\n<hr class=\"wp-block-separator has-css-opacity is-style-wide\"\/>\n\n\n\n<p class=\"has-text-align-center\" style=\"font-style:normal;font-weight:200\">Biken<\/p>\n\n\n\n<p class=\"has-text-align-center\" style=\"font-style:normal;font-weight:200\">Rennradfahren<\/p>\n\n\n\n<p class=\"has-text-align-center\" style=\"font-style:normal;font-weight:200\">SUP<\/p>\n\n\n\n<p class=\"has-text-align-center\" style=\"font-style:normal;font-weight:200\">Klettern<\/p>\n\n\n\n<p class=\"has-text-align-center\" style=\"font-style:normal;font-weight:200\">Wandern<\/p>\n\n\n\n<p class=\"has-text-align-center\" style=\"font-style:normal;font-weight:200\">etc.<\/p>\n\n\n\n<figure class=\"wp-block-gallery has-nested-images columns-2 is-cropped wp-block-gallery-8 is-layout-flex wp-block-gallery-is-layout-flex\">\n<figure class=\"wp-block-image size-large\"><img loading=\"lazy\" decoding=\"async\" width=\"1024\" height=\"759\" data-id=\"488\" src=\"https:\/\/sv-personaltraining.ch\/wp-content\/uploads\/2023\/09\/20191011_112323-1-1024x759.jpg\" alt=\"\" class=\"wp-image-488\" srcset=\"https:\/\/sv-personaltraining.ch\/wp-content\/uploads\/2023\/09\/20191011_112323-1-1024x759.jpg 1024w, https:\/\/sv-personaltraining.ch\/wp-content\/uploads\/2023\/09\/20191011_112323-1-300x222.jpg 300w, https:\/\/sv-personaltraining.ch\/wp-content\/uploads\/2023\/09\/20191011_112323-1-768x569.jpg 768w, https:\/\/sv-personaltraining.ch\/wp-content\/uploads\/2023\/09\/20191011_112323-1-1536x1138.jpg 1536w, https:\/\/sv-personaltraining.ch\/wp-content\/uploads\/2023\/09\/20191011_112323-1-1458x1080.jpg 1458w, https:\/\/sv-personaltraining.ch\/wp-content\/uploads\/2023\/09\/20191011_112323-1.jpg 1960w\" sizes=\"auto, (max-width: 1024px) 100vw, 1024px\" \/><\/figure>\n\n\n\n<figure class=\"wp-block-image size-large\"><img loading=\"lazy\" decoding=\"async\" width=\"1024\" height=\"768\" data-id=\"492\" src=\"https:\/\/sv-personaltraining.ch\/wp-content\/uploads\/2023\/09\/20200921_094855-1-1024x768.jpg\" alt=\"\" class=\"wp-image-492\" srcset=\"https:\/\/sv-personaltraining.ch\/wp-content\/uploads\/2023\/09\/20200921_094855-1-1024x768.jpg 1024w, https:\/\/sv-personaltraining.ch\/wp-content\/uploads\/2023\/09\/20200921_094855-1-300x225.jpg 300w, https:\/\/sv-personaltraining.ch\/wp-content\/uploads\/2023\/09\/20200921_094855-1-768x576.jpg 768w, https:\/\/sv-personaltraining.ch\/wp-content\/uploads\/2023\/09\/20200921_094855-1-1536x1152.jpg 1536w, https:\/\/sv-personaltraining.ch\/wp-content\/uploads\/2023\/09\/20200921_094855-1-2048x1536.jpg 2048w, https:\/\/sv-personaltraining.ch\/wp-content\/uploads\/2023\/09\/20200921_094855-1-1440x1080.jpg 1440w\" sizes=\"auto, (max-width: 1024px) 100vw, 1024px\" \/><\/figure>\n\n\n\n<figure class=\"wp-block-image size-large\"><img loading=\"lazy\" decoding=\"async\" width=\"275\" height=\"206\" data-id=\"487\" src=\"https:\/\/sv-personaltraining.ch\/wp-content\/uploads\/2023\/09\/373470981_325479139934486_7730460713927583437_n-1.jpg\" alt=\"\" class=\"wp-image-487\"\/><\/figure>\n\n\n\n<figure class=\"wp-block-image size-large\"><img loading=\"lazy\" decoding=\"async\" width=\"279\" height=\"206\" data-id=\"486\" src=\"https:\/\/sv-personaltraining.ch\/wp-content\/uploads\/2023\/09\/375764083_1682020978931321_5285421250265980492_n-1.jpg\" alt=\"\" class=\"wp-image-486\"\/><\/figure>\n\n\n\n<figure class=\"wp-block-image size-large\"><img loading=\"lazy\" decoding=\"async\" width=\"1024\" height=\"750\" data-id=\"489\" src=\"https:\/\/sv-personaltraining.ch\/wp-content\/uploads\/2023\/09\/IMG_3510-1-1024x750.jpg\" alt=\"\" class=\"wp-image-489\" srcset=\"https:\/\/sv-personaltraining.ch\/wp-content\/uploads\/2023\/09\/IMG_3510-1-1024x750.jpg 1024w, https:\/\/sv-personaltraining.ch\/wp-content\/uploads\/2023\/09\/IMG_3510-1-300x220.jpg 300w, https:\/\/sv-personaltraining.ch\/wp-content\/uploads\/2023\/09\/IMG_3510-1-768x562.jpg 768w, https:\/\/sv-personaltraining.ch\/wp-content\/uploads\/2023\/09\/IMG_3510-1-1475x1080.jpg 1475w, https:\/\/sv-personaltraining.ch\/wp-content\/uploads\/2023\/09\/IMG_3510-1.jpg 1500w\" sizes=\"auto, (max-width: 1024px) 100vw, 1024px\" \/><\/figure>\n\n\n\n<figure class=\"wp-block-image size-large\"><img loading=\"lazy\" decoding=\"async\" width=\"768\" height=\"1024\" data-id=\"491\" src=\"https:\/\/sv-personaltraining.ch\/wp-content\/uploads\/2023\/09\/IMG_E1394-1-768x1024.jpg\" alt=\"\" class=\"wp-image-491\" srcset=\"https:\/\/sv-personaltraining.ch\/wp-content\/uploads\/2023\/09\/IMG_E1394-1-768x1024.jpg 768w, https:\/\/sv-personaltraining.ch\/wp-content\/uploads\/2023\/09\/IMG_E1394-1-225x300.jpg 225w, https:\/\/sv-personaltraining.ch\/wp-content\/uploads\/2023\/09\/IMG_E1394-1-1152x1536.jpg 1152w, https:\/\/sv-personaltraining.ch\/wp-content\/uploads\/2023\/09\/IMG_E1394-1-1536x2048.jpg 1536w, https:\/\/sv-personaltraining.ch\/wp-content\/uploads\/2023\/09\/IMG_E1394-1-1024x1365.jpg 1024w, https:\/\/sv-personaltraining.ch\/wp-content\/uploads\/2023\/09\/IMG_E1394-1-810x1080.jpg 810w, https:\/\/sv-personaltraining.ch\/wp-content\/uploads\/2023\/09\/IMG_E1394-1-scaled.jpg 1920w\" sizes=\"auto, (max-width: 768px) 100vw, 768px\" \/><\/figure>\n\n\n\n<figure class=\"wp-block-image size-large\"><img loading=\"lazy\" decoding=\"async\" width=\"1024\" height=\"769\" data-id=\"490\" src=\"https:\/\/sv-personaltraining.ch\/wp-content\/uploads\/2023\/09\/IMG_E2614-1-1024x769.jpg\" alt=\"\" class=\"wp-image-490\" srcset=\"https:\/\/sv-personaltraining.ch\/wp-content\/uploads\/2023\/09\/IMG_E2614-1-1024x769.jpg 1024w, https:\/\/sv-personaltraining.ch\/wp-content\/uploads\/2023\/09\/IMG_E2614-1-300x225.jpg 300w, https:\/\/sv-personaltraining.ch\/wp-content\/uploads\/2023\/09\/IMG_E2614-1-768x577.jpg 768w, https:\/\/sv-personaltraining.ch\/wp-content\/uploads\/2023\/09\/IMG_E2614-1-1536x1154.jpg 1536w, https:\/\/sv-personaltraining.ch\/wp-content\/uploads\/2023\/09\/IMG_E2614-1-2048x1539.jpg 2048w, https:\/\/sv-personaltraining.ch\/wp-content\/uploads\/2023\/09\/IMG_E2614-1-1438x1080.jpg 1438w\" sizes=\"auto, (max-width: 1024px) 100vw, 1024px\" \/><\/figure>\n<\/figure>\n\n\n\n<p style=\"font-style:normal;font-weight:200\">M\u00f6chtest du eine neue Sportart kennenlernen oder ausprobieren? Gerne begleite ich dich.<\/p>\n\n\n\n<div class=\"wp-block-buttons alignfull is-horizontal is-content-justification-center is-layout-flex wp-container-core-buttons-is-layout-499968f5 wp-block-buttons-is-layout-flex\">\n<div class=\"wp-block-button has-custom-width wp-block-button__width-100 is-style-fill\"><a class=\"wp-block-button__link has-white-color has-text-color has-background wp-element-button\" style=\"border-radius:100px;background-color:#000000\">Nach Vereinbarung<\/a><\/div>\n<\/div>\n<\/div>\n\n\n\n<div class=\"wp-block-column has-very-light-gray-to-cyan-bluish-gray-gradient-background has-text-color has-background has-link-color wp-elements-b402ade96bef36c44bea2ae0fd563367 is-layout-flow wp-block-column-is-layout-flow\" style=\"color:#000000;padding-top:2em;padding-right:2em;padding-bottom:2em;padding-left:2em\">\n<h2 class=\"wp-block-heading\" id=\"patron\" style=\"font-style:normal;font-weight:500\">Sportcamp<\/h2>\n\n\n\n<hr class=\"wp-block-separator has-alpha-channel-opacity\"\/>\n\n\n\n<p style=\"font-style:normal;font-weight:200\">Nimm dir Zeit f\u00fcr dich, deine Fitness und Entspannung und lerne spannendes zum Thema Ern\u00e4hrung dazu.<\/p>\n\n\n\n<figure class=\"wp-block-image size-large\"><img loading=\"lazy\" decoding=\"async\" width=\"1024\" height=\"768\" src=\"https:\/\/sv-personaltraining.ch\/wp-content\/uploads\/2023\/09\/IMG_2963-1-1024x768.jpg\" alt=\"\" class=\"wp-image-493\" srcset=\"https:\/\/sv-personaltraining.ch\/wp-content\/uploads\/2023\/09\/IMG_2963-1-1024x768.jpg 1024w, https:\/\/sv-personaltraining.ch\/wp-content\/uploads\/2023\/09\/IMG_2963-1-300x225.jpg 300w, https:\/\/sv-personaltraining.ch\/wp-content\/uploads\/2023\/09\/IMG_2963-1-768x576.jpg 768w, https:\/\/sv-personaltraining.ch\/wp-content\/uploads\/2023\/09\/IMG_2963-1-1536x1152.jpg 1536w, https:\/\/sv-personaltraining.ch\/wp-content\/uploads\/2023\/09\/IMG_2963-1-2048x1536.jpg 2048w, https:\/\/sv-personaltraining.ch\/wp-content\/uploads\/2023\/09\/IMG_2963-1-1440x1080.jpg 1440w\" sizes=\"auto, (max-width: 1024px) 100vw, 1024px\" \/><\/figure>\n\n\n\n<figure class=\"wp-block-image size-full\"><img loading=\"lazy\" decoding=\"async\" width=\"891\" height=\"668\" src=\"https:\/\/sv-personaltraining.ch\/wp-content\/uploads\/2023\/09\/20200914_104432-1.jpg\" alt=\"\" class=\"wp-image-494\" srcset=\"https:\/\/sv-personaltraining.ch\/wp-content\/uploads\/2023\/09\/20200914_104432-1.jpg 891w, https:\/\/sv-personaltraining.ch\/wp-content\/uploads\/2023\/09\/20200914_104432-1-300x225.jpg 300w, https:\/\/sv-personaltraining.ch\/wp-content\/uploads\/2023\/09\/20200914_104432-1-768x576.jpg 768w\" sizes=\"auto, (max-width: 891px) 100vw, 891px\" \/><\/figure>\n\n\n\n<div class=\"wp-block-buttons alignfull is-horizontal is-content-justification-center is-layout-flex wp-container-core-buttons-is-layout-499968f5 wp-block-buttons-is-layout-flex\">\n<div class=\"wp-block-button has-custom-width wp-block-button__width-100\"><a class=\"wp-block-button__link has-white-color has-text-color has-background wp-element-button\" style=\"border-radius:100px;background-color:#000000\">Auf Anfrage<\/a><\/div>\n<\/div>\n<\/div>\n<\/div>\n","protected":false},"excerpt":{"rendered":"<p>Personaltraining f\u00fcr Hobby und Profisportler Personal Training ist ein individuell auf deine Bed\u00fcrfnisse, W\u00fcnsche und Zielsetzungen abgestimmtes 1:1 Training. Dein Leistungspotential wird erh\u00f6ht, du erzielst sp\u00fcr- und sichtbare Erfolge im Bereich deiner Figur und nicht zuletzt wird dein Wohlbefinden nachhaltig gesteigert. Reha- und Aufbau Training nach Verletzungen M\u00f6chtest du nach einer Verletzung gerne wieder zur\u00fcck&hellip; <br \/> <a class=\"read-more\" href=\"https:\/\/sv-personaltraining.ch\/?page_id=64\">Weiterlesen<\/a><\/p>\n","protected":false},"author":2,"featured_media":0,"parent":0,"menu_order":0,"comment_status":"closed","ping_status":"closed","template":"","meta":{"footnotes":""},"class_list":["post-64","page","type-page","status-publish","hentry"],"jetpack_sharing_enabled":true,"_links":{"self":[{"href":"https:\/\/sv-personaltraining.ch\/index.php?rest_route=\/wp\/v2\/pages\/64","targetHints":{"allow":["GET"]}}],"collection":[{"href":"https:\/\/sv-personaltraining.ch\/index.php?rest_route=\/wp\/v2\/pages"}],"about":[{"href":"https:\/\/sv-personaltraining.ch\/index.php?rest_route=\/wp\/v2\/types\/page"}],"author":[{"embeddable":true,"href":"https:\/\/sv-personaltraining.ch\/index.php?rest_route=\/wp\/v2\/users\/2"}],"replies":[{"embeddable":true,"href":"https:\/\/sv-personaltraining.ch\/index.php?rest_route=%2Fwp%2Fv2%2Fcomments&post=64"}],"version-history":[{"count":19,"href":"https:\/\/sv-personaltraining.ch\/index.php?rest_route=\/wp\/v2\/pages\/64\/revisions"}],"predecessor-version":[{"id":628,"href":"https:\/\/sv-personaltraining.ch\/index.php?rest_route=\/wp\/v2\/pages\/64\/revisions\/628"}],"wp:attachment":[{"href":"https:\/\/sv-personaltraining.ch\/index.php?rest_route=%2Fwp%2Fv2%2Fmedia&parent=64"}],"curies":[{"name":"wp","href":"https:\/\/api.w.org\/{rel}","templated":true}]}}