{"id":62,"date":"2023-09-23T10:19:36","date_gmt":"2023-09-23T09:19:36","guid":{"rendered":"https:\/\/neu.sv-personaltraining.ch\/?page_id=62"},"modified":"2023-09-28T09:14:34","modified_gmt":"2023-09-28T08:14:34","slug":"mein-studio","status":"publish","type":"page","link":"https:\/\/sv-personaltraining.ch\/?page_id=62","title":{"rendered":"Das Studio"},"content":{"rendered":"\n<p>Wir sind ein Personaltrainingsstudio mit Naomi Functional-Training Turm, allen n\u00f6tigen Trainingsutensilien f\u00fcr freies Training, Sensopro, Crosstrainer, Laufband, Spinning Bike, Sypoba, TRX usw.<\/p>\n\n\n\n<figure class=\"wp-block-gallery has-nested-images columns-8 is-cropped wp-block-gallery-1 is-layout-flex wp-block-gallery-is-layout-flex\">\n<figure class=\"wp-block-image size-large is-style-default\"><img loading=\"lazy\" decoding=\"async\" width=\"768\" height=\"1024\" data-id=\"449\" src=\"https:\/\/sv-personaltraining.ch\/wp-content\/uploads\/2023\/09\/IMG_6103-1-768x1024.jpg\" alt=\"\" class=\"wp-image-449\" srcset=\"https:\/\/sv-personaltraining.ch\/wp-content\/uploads\/2023\/09\/IMG_6103-1-768x1024.jpg 768w, https:\/\/sv-personaltraining.ch\/wp-content\/uploads\/2023\/09\/IMG_6103-1-225x300.jpg 225w, https:\/\/sv-personaltraining.ch\/wp-content\/uploads\/2023\/09\/IMG_6103-1-1152x1536.jpg 1152w, https:\/\/sv-personaltraining.ch\/wp-content\/uploads\/2023\/09\/IMG_6103-1-1536x2048.jpg 1536w, https:\/\/sv-personaltraining.ch\/wp-content\/uploads\/2023\/09\/IMG_6103-1-1024x1365.jpg 1024w, https:\/\/sv-personaltraining.ch\/wp-content\/uploads\/2023\/09\/IMG_6103-1-810x1080.jpg 810w, https:\/\/sv-personaltraining.ch\/wp-content\/uploads\/2023\/09\/IMG_6103-1-scaled.jpg 1920w\" sizes=\"auto, (max-width: 768px) 100vw, 768px\" \/><\/figure>\n\n\n\n<figure class=\"wp-block-image size-large\"><img loading=\"lazy\" decoding=\"async\" width=\"1024\" height=\"768\" data-id=\"458\" src=\"https:\/\/sv-personaltraining.ch\/wp-content\/uploads\/2023\/09\/IMG_6156-1-1024x768.jpg\" alt=\"\" class=\"wp-image-458\" srcset=\"https:\/\/sv-personaltraining.ch\/wp-content\/uploads\/2023\/09\/IMG_6156-1-1024x768.jpg 1024w, https:\/\/sv-personaltraining.ch\/wp-content\/uploads\/2023\/09\/IMG_6156-1-300x225.jpg 300w, https:\/\/sv-personaltraining.ch\/wp-content\/uploads\/2023\/09\/IMG_6156-1-768x576.jpg 768w, https:\/\/sv-personaltraining.ch\/wp-content\/uploads\/2023\/09\/IMG_6156-1-1536x1152.jpg 1536w, https:\/\/sv-personaltraining.ch\/wp-content\/uploads\/2023\/09\/IMG_6156-1-2048x1536.jpg 2048w, https:\/\/sv-personaltraining.ch\/wp-content\/uploads\/2023\/09\/IMG_6156-1-1440x1080.jpg 1440w\" sizes=\"auto, (max-width: 1024px) 100vw, 1024px\" \/><\/figure>\n\n\n\n<figure class=\"wp-block-image size-large\"><img loading=\"lazy\" decoding=\"async\" width=\"1024\" height=\"768\" data-id=\"455\" src=\"https:\/\/sv-personaltraining.ch\/wp-content\/uploads\/2023\/09\/IMG_6157-1-1024x768.jpg\" alt=\"\" class=\"wp-image-455\" srcset=\"https:\/\/sv-personaltraining.ch\/wp-content\/uploads\/2023\/09\/IMG_6157-1-1024x768.jpg 1024w, https:\/\/sv-personaltraining.ch\/wp-content\/uploads\/2023\/09\/IMG_6157-1-300x225.jpg 300w, https:\/\/sv-personaltraining.ch\/wp-content\/uploads\/2023\/09\/IMG_6157-1-768x576.jpg 768w, https:\/\/sv-personaltraining.ch\/wp-content\/uploads\/2023\/09\/IMG_6157-1-1536x1152.jpg 1536w, https:\/\/sv-personaltraining.ch\/wp-content\/uploads\/2023\/09\/IMG_6157-1-2048x1536.jpg 2048w, https:\/\/sv-personaltraining.ch\/wp-content\/uploads\/2023\/09\/IMG_6157-1-1440x1080.jpg 1440w\" sizes=\"auto, (max-width: 1024px) 100vw, 1024px\" \/><\/figure>\n\n\n\n<figure class=\"wp-block-image size-large\"><img loading=\"lazy\" decoding=\"async\" width=\"1024\" height=\"768\" data-id=\"460\" src=\"https:\/\/sv-personaltraining.ch\/wp-content\/uploads\/2023\/09\/IMG_6158-1-1024x768.jpg\" alt=\"\" class=\"wp-image-460\" srcset=\"https:\/\/sv-personaltraining.ch\/wp-content\/uploads\/2023\/09\/IMG_6158-1-1024x768.jpg 1024w, https:\/\/sv-personaltraining.ch\/wp-content\/uploads\/2023\/09\/IMG_6158-1-300x225.jpg 300w, https:\/\/sv-personaltraining.ch\/wp-content\/uploads\/2023\/09\/IMG_6158-1-768x576.jpg 768w, https:\/\/sv-personaltraining.ch\/wp-content\/uploads\/2023\/09\/IMG_6158-1-1536x1152.jpg 1536w, https:\/\/sv-personaltraining.ch\/wp-content\/uploads\/2023\/09\/IMG_6158-1-2048x1536.jpg 2048w, https:\/\/sv-personaltraining.ch\/wp-content\/uploads\/2023\/09\/IMG_6158-1-1440x1080.jpg 1440w\" sizes=\"auto, (max-width: 1024px) 100vw, 1024px\" \/><\/figure>\n\n\n\n<figure class=\"wp-block-image size-large\"><img loading=\"lazy\" decoding=\"async\" width=\"1024\" height=\"768\" data-id=\"461\" src=\"https:\/\/sv-personaltraining.ch\/wp-content\/uploads\/2023\/09\/IMG_6159-1-1024x768.jpg\" alt=\"\" class=\"wp-image-461\" srcset=\"https:\/\/sv-personaltraining.ch\/wp-content\/uploads\/2023\/09\/IMG_6159-1-1024x768.jpg 1024w, https:\/\/sv-personaltraining.ch\/wp-content\/uploads\/2023\/09\/IMG_6159-1-300x225.jpg 300w, https:\/\/sv-personaltraining.ch\/wp-content\/uploads\/2023\/09\/IMG_6159-1-768x576.jpg 768w, https:\/\/sv-personaltraining.ch\/wp-content\/uploads\/2023\/09\/IMG_6159-1-1536x1152.jpg 1536w, https:\/\/sv-personaltraining.ch\/wp-content\/uploads\/2023\/09\/IMG_6159-1-2048x1536.jpg 2048w, https:\/\/sv-personaltraining.ch\/wp-content\/uploads\/2023\/09\/IMG_6159-1-1440x1080.jpg 1440w\" sizes=\"auto, (max-width: 1024px) 100vw, 1024px\" \/><\/figure>\n\n\n\n<figure class=\"wp-block-image size-large\"><img loading=\"lazy\" decoding=\"async\" width=\"768\" height=\"1024\" data-id=\"459\" src=\"https:\/\/sv-personaltraining.ch\/wp-content\/uploads\/2023\/09\/IMG_6161-1-768x1024.jpg\" alt=\"\" class=\"wp-image-459\" srcset=\"https:\/\/sv-personaltraining.ch\/wp-content\/uploads\/2023\/09\/IMG_6161-1-768x1024.jpg 768w, https:\/\/sv-personaltraining.ch\/wp-content\/uploads\/2023\/09\/IMG_6161-1-225x300.jpg 225w, https:\/\/sv-personaltraining.ch\/wp-content\/uploads\/2023\/09\/IMG_6161-1-1152x1536.jpg 1152w, https:\/\/sv-personaltraining.ch\/wp-content\/uploads\/2023\/09\/IMG_6161-1-1536x2048.jpg 1536w, https:\/\/sv-personaltraining.ch\/wp-content\/uploads\/2023\/09\/IMG_6161-1-1024x1365.jpg 1024w, https:\/\/sv-personaltraining.ch\/wp-content\/uploads\/2023\/09\/IMG_6161-1-810x1080.jpg 810w, https:\/\/sv-personaltraining.ch\/wp-content\/uploads\/2023\/09\/IMG_6161-1-scaled.jpg 1920w\" sizes=\"auto, (max-width: 768px) 100vw, 768px\" \/><\/figure>\n\n\n\n<figure class=\"wp-block-image size-large\"><img loading=\"lazy\" decoding=\"async\" width=\"551\" height=\"1024\" data-id=\"450\" src=\"https:\/\/sv-personaltraining.ch\/wp-content\/uploads\/2023\/09\/IMG_6163-1-551x1024.jpg\" alt=\"\" class=\"wp-image-450\" srcset=\"https:\/\/sv-personaltraining.ch\/wp-content\/uploads\/2023\/09\/IMG_6163-1-551x1024.jpg 551w, https:\/\/sv-personaltraining.ch\/wp-content\/uploads\/2023\/09\/IMG_6163-1-161x300.jpg 161w, https:\/\/sv-personaltraining.ch\/wp-content\/uploads\/2023\/09\/IMG_6163-1-768x1427.jpg 768w, https:\/\/sv-personaltraining.ch\/wp-content\/uploads\/2023\/09\/IMG_6163-1-827x1536.jpg 827w, https:\/\/sv-personaltraining.ch\/wp-content\/uploads\/2023\/09\/IMG_6163-1-1102x2048.jpg 1102w, https:\/\/sv-personaltraining.ch\/wp-content\/uploads\/2023\/09\/IMG_6163-1-1024x1903.jpg 1024w, https:\/\/sv-personaltraining.ch\/wp-content\/uploads\/2023\/09\/IMG_6163-1-581x1080.jpg 581w, https:\/\/sv-personaltraining.ch\/wp-content\/uploads\/2023\/09\/IMG_6163-1-scaled.jpg 1378w\" sizes=\"auto, (max-width: 551px) 100vw, 551px\" \/><\/figure>\n\n\n\n<figure class=\"wp-block-image size-large\"><img loading=\"lazy\" decoding=\"async\" width=\"1024\" height=\"683\" data-id=\"467\" src=\"https:\/\/sv-personaltraining.ch\/wp-content\/uploads\/2023\/09\/N50A6613-1-1024x683.jpg\" alt=\"\" class=\"wp-image-467\" srcset=\"https:\/\/sv-personaltraining.ch\/wp-content\/uploads\/2023\/09\/N50A6613-1-1024x683.jpg 1024w, https:\/\/sv-personaltraining.ch\/wp-content\/uploads\/2023\/09\/N50A6613-1-300x200.jpg 300w, https:\/\/sv-personaltraining.ch\/wp-content\/uploads\/2023\/09\/N50A6613-1-768x512.jpg 768w, https:\/\/sv-personaltraining.ch\/wp-content\/uploads\/2023\/09\/N50A6613-1-1536x1024.jpg 1536w, https:\/\/sv-personaltraining.ch\/wp-content\/uploads\/2023\/09\/N50A6613-1-2048x1365.jpg 2048w, https:\/\/sv-personaltraining.ch\/wp-content\/uploads\/2023\/09\/N50A6613-1-1620x1080.jpg 1620w\" sizes=\"auto, (max-width: 1024px) 100vw, 1024px\" \/><\/figure>\n\n\n\n<figure class=\"wp-block-image size-large\"><img loading=\"lazy\" decoding=\"async\" width=\"1024\" height=\"683\" data-id=\"466\" src=\"https:\/\/sv-personaltraining.ch\/wp-content\/uploads\/2023\/09\/N50A6797-1-1024x683.jpg\" alt=\"\" class=\"wp-image-466\" srcset=\"https:\/\/sv-personaltraining.ch\/wp-content\/uploads\/2023\/09\/N50A6797-1-1024x683.jpg 1024w, https:\/\/sv-personaltraining.ch\/wp-content\/uploads\/2023\/09\/N50A6797-1-300x200.jpg 300w, https:\/\/sv-personaltraining.ch\/wp-content\/uploads\/2023\/09\/N50A6797-1-768x512.jpg 768w, https:\/\/sv-personaltraining.ch\/wp-content\/uploads\/2023\/09\/N50A6797-1-1536x1024.jpg 1536w, https:\/\/sv-personaltraining.ch\/wp-content\/uploads\/2023\/09\/N50A6797-1-2048x1365.jpg 2048w, https:\/\/sv-personaltraining.ch\/wp-content\/uploads\/2023\/09\/N50A6797-1-1620x1080.jpg 1620w\" sizes=\"auto, (max-width: 1024px) 100vw, 1024px\" \/><\/figure>\n<\/figure>\n\n\n\n<p>Du hast die M\u00f6glichkeit dich bei uns umzuziehen und zu duschen. Wir haben zwei weitere Therapier\u00e4ume f\u00fcr Besprechungen, Massagen, Physiotherapie und weitere Therapien. <\/p>\n\n\n\n<figure class=\"wp-block-gallery has-nested-images columns-4 is-cropped wp-block-gallery-2 is-layout-flex wp-block-gallery-is-layout-flex\">\n<figure class=\"wp-block-image size-large\"><img loading=\"lazy\" decoding=\"async\" width=\"750\" height=\"1024\" data-id=\"472\" src=\"https:\/\/sv-personaltraining.ch\/wp-content\/uploads\/2023\/09\/IMG_6149-2-750x1024.jpg\" alt=\"\" class=\"wp-image-472\" srcset=\"https:\/\/sv-personaltraining.ch\/wp-content\/uploads\/2023\/09\/IMG_6149-2-750x1024.jpg 750w, https:\/\/sv-personaltraining.ch\/wp-content\/uploads\/2023\/09\/IMG_6149-2-220x300.jpg 220w, https:\/\/sv-personaltraining.ch\/wp-content\/uploads\/2023\/09\/IMG_6149-2-768x1048.jpg 768w, https:\/\/sv-personaltraining.ch\/wp-content\/uploads\/2023\/09\/IMG_6149-2-1125x1536.jpg 1125w, https:\/\/sv-personaltraining.ch\/wp-content\/uploads\/2023\/09\/IMG_6149-2-1500x2048.jpg 1500w, https:\/\/sv-personaltraining.ch\/wp-content\/uploads\/2023\/09\/IMG_6149-2-1024x1398.jpg 1024w, https:\/\/sv-personaltraining.ch\/wp-content\/uploads\/2023\/09\/IMG_6149-2-791x1080.jpg 791w, https:\/\/sv-personaltraining.ch\/wp-content\/uploads\/2023\/09\/IMG_6149-2-scaled.jpg 1875w\" sizes=\"auto, (max-width: 750px) 100vw, 750px\" \/><\/figure>\n\n\n\n<figure class=\"wp-block-image size-large\"><img loading=\"lazy\" decoding=\"async\" width=\"1024\" height=\"768\" data-id=\"473\" src=\"https:\/\/sv-personaltraining.ch\/wp-content\/uploads\/2023\/09\/IMG_6150-2-1024x768.jpg\" alt=\"\" class=\"wp-image-473\" style=\"aspect-ratio:1;object-fit:contain\" srcset=\"https:\/\/sv-personaltraining.ch\/wp-content\/uploads\/2023\/09\/IMG_6150-2-1024x768.jpg 1024w, https:\/\/sv-personaltraining.ch\/wp-content\/uploads\/2023\/09\/IMG_6150-2-300x225.jpg 300w, https:\/\/sv-personaltraining.ch\/wp-content\/uploads\/2023\/09\/IMG_6150-2-768x576.jpg 768w, https:\/\/sv-personaltraining.ch\/wp-content\/uploads\/2023\/09\/IMG_6150-2-1536x1152.jpg 1536w, https:\/\/sv-personaltraining.ch\/wp-content\/uploads\/2023\/09\/IMG_6150-2-2048x1536.jpg 2048w, https:\/\/sv-personaltraining.ch\/wp-content\/uploads\/2023\/09\/IMG_6150-2-1440x1080.jpg 1440w\" sizes=\"auto, (max-width: 1024px) 100vw, 1024px\" \/><\/figure>\n\n\n\n<figure class=\"wp-block-image size-large\"><img loading=\"lazy\" decoding=\"async\" width=\"1024\" height=\"768\" data-id=\"470\" src=\"https:\/\/sv-personaltraining.ch\/wp-content\/uploads\/2023\/09\/IMG_6152-2-1024x768.jpg\" alt=\"\" class=\"wp-image-470\" style=\"aspect-ratio:1;object-fit:contain\" srcset=\"https:\/\/sv-personaltraining.ch\/wp-content\/uploads\/2023\/09\/IMG_6152-2-1024x768.jpg 1024w, https:\/\/sv-personaltraining.ch\/wp-content\/uploads\/2023\/09\/IMG_6152-2-300x225.jpg 300w, https:\/\/sv-personaltraining.ch\/wp-content\/uploads\/2023\/09\/IMG_6152-2-768x576.jpg 768w, https:\/\/sv-personaltraining.ch\/wp-content\/uploads\/2023\/09\/IMG_6152-2-1536x1152.jpg 1536w, https:\/\/sv-personaltraining.ch\/wp-content\/uploads\/2023\/09\/IMG_6152-2-2048x1536.jpg 2048w, https:\/\/sv-personaltraining.ch\/wp-content\/uploads\/2023\/09\/IMG_6152-2-1440x1080.jpg 1440w\" sizes=\"auto, (max-width: 1024px) 100vw, 1024px\" \/><\/figure>\n<\/figure>\n\n\n\n<p>Auch eine kleine K\u00fcche und ein Shop <a href=\"http:\/\/www.deinegesundheit.ch\" data-type=\"link\" data-id=\"www.deinegesundheit.ch\" target=\"_blank\" rel=\"noreferrer noopener\">(www.deinegesundheit.ch)<\/a> sind vorhanden.<\/p>\n\n\n\n<figure class=\"wp-block-gallery has-nested-images columns-default wp-block-gallery-3 is-layout-flex wp-block-gallery-is-layout-flex\">\n<figure class=\"wp-block-image size-large\"><img loading=\"lazy\" decoding=\"async\" width=\"1024\" height=\"768\" data-id=\"476\" src=\"https:\/\/sv-personaltraining.ch\/wp-content\/uploads\/2023\/09\/IMG_6165-2-1024x768.jpg\" alt=\"\" class=\"wp-image-476\" style=\"aspect-ratio:4\/3;object-fit:contain\" srcset=\"https:\/\/sv-personaltraining.ch\/wp-content\/uploads\/2023\/09\/IMG_6165-2-1024x768.jpg 1024w, https:\/\/sv-personaltraining.ch\/wp-content\/uploads\/2023\/09\/IMG_6165-2-300x225.jpg 300w, https:\/\/sv-personaltraining.ch\/wp-content\/uploads\/2023\/09\/IMG_6165-2-768x576.jpg 768w, https:\/\/sv-personaltraining.ch\/wp-content\/uploads\/2023\/09\/IMG_6165-2-1536x1152.jpg 1536w, https:\/\/sv-personaltraining.ch\/wp-content\/uploads\/2023\/09\/IMG_6165-2-2048x1536.jpg 2048w, https:\/\/sv-personaltraining.ch\/wp-content\/uploads\/2023\/09\/IMG_6165-2-1440x1080.jpg 1440w\" sizes=\"auto, (max-width: 1024px) 100vw, 1024px\" \/><\/figure>\n<\/figure>\n\n\n\n<p>In unserem Studio arbeiten zur Zeit noch zwei Massagetherapeutinnen und eine Physiotherapeutin. <\/p>\n\n\n\n<p class=\"has-text-align-center\">Mehr \u00fcber uns unter <a href=\"https:\/\/sv-personaltraining.ch\/?page_id=221\" data-type=\"link\" data-id=\"https:\/\/sv-personaltraining.ch\/?page_id=221\">Team<\/a><\/p>\n\n\n\n<p><\/p>\n\n\n\n<p>Suchst du einen Raum f\u00fcr einen Anlass, ein Einzeltraining oder einen Gruppenkurs? Dies ist in unserem voll eingerichteten Studio m\u00f6glich.<\/p>\n\n\n\n<p class=\"has-very-light-gray-to-cyan-bluish-gray-gradient-background has-background\">Gerne mache ich dir eine Offerte<\/p>\n\n\n\n<h3 class=\"wp-block-heading has-medium-font-size\">Studio Neftenbach<\/h3>\n\n\n\n<p>Wolfzangenstrasse 1<br>8413 Neftenbach<\/p>\n","protected":false},"excerpt":{"rendered":"<p>Wir sind ein Personaltrainingsstudio mit Naomi Functional-Training Turm, allen n\u00f6tigen Trainingsutensilien f\u00fcr freies Training, Sensopro, Crosstrainer, Laufband, Spinning Bike, Sypoba, TRX usw. Du hast die M\u00f6glichkeit dich bei uns umzuziehen und zu duschen. Wir haben zwei weitere Therapier\u00e4ume f\u00fcr Besprechungen, Massagen, Physiotherapie und weitere Therapien. Auch eine kleine K\u00fcche und ein Shop (www.deinegesundheit.ch) sind vorhanden.&hellip; <br \/> <a class=\"read-more\" href=\"https:\/\/sv-personaltraining.ch\/?page_id=62\">Weiterlesen<\/a><\/p>\n","protected":false},"author":2,"featured_media":0,"parent":0,"menu_order":0,"comment_status":"closed","ping_status":"closed","template":"","meta":{"footnotes":""},"class_list":["post-62","page","type-page","status-publish","hentry"],"jetpack_sharing_enabled":true,"_links":{"self":[{"href":"https:\/\/sv-personaltraining.ch\/index.php?rest_route=\/wp\/v2\/pages\/62","targetHints":{"allow":["GET"]}}],"collection":[{"href":"https:\/\/sv-personaltraining.ch\/index.php?rest_route=\/wp\/v2\/pages"}],"about":[{"href":"https:\/\/sv-personaltraining.ch\/index.php?rest_route=\/wp\/v2\/types\/page"}],"author":[{"embeddable":true,"href":"https:\/\/sv-personaltraining.ch\/index.php?rest_route=\/wp\/v2\/users\/2"}],"replies":[{"embeddable":true,"href":"https:\/\/sv-personaltraining.ch\/index.php?rest_route=%2Fwp%2Fv2%2Fcomments&post=62"}],"version-history":[{"count":15,"href":"https:\/\/sv-personaltraining.ch\/index.php?rest_route=\/wp\/v2\/pages\/62\/revisions"}],"predecessor-version":[{"id":585,"href":"https:\/\/sv-personaltraining.ch\/index.php?rest_route=\/wp\/v2\/pages\/62\/revisions\/585"}],"wp:attachment":[{"href":"https:\/\/sv-personaltraining.ch\/index.php?rest_route=%2Fwp%2Fv2%2Fmedia&parent=62"}],"curies":[{"name":"wp","href":"https:\/\/api.w.org\/{rel}","templated":true}]}}